{"id":1000,"date":"2023-09-29T09:04:29","date_gmt":"2023-09-29T09:04:29","guid":{"rendered":"https:\/\/scoala.upb.ro\/?page_id=1000"},"modified":"2025-11-18T08:06:15","modified_gmt":"2025-11-18T08:06:15","slug":"echipa","status":"publish","type":"page","link":"https:\/\/scoala.upb.ro\/?page_id=1000","title":{"rendered":"Echipa noastr\u0103"},"content":{"rendered":"\t\t<div data-elementor-type=\"wp-page\" data-elementor-id=\"1000\" class=\"elementor elementor-1000\">\n\t\t\t\t<div class=\"elementor-element elementor-element-ea1489c e-flex e-con-boxed e-con e-parent\" data-id=\"ea1489c\" data-element_type=\"container\">\n\t\t\t\t\t<div class=\"e-con-inner\">\n\t\t\t\t<div class=\"elementor-element elementor-element-b9a8d5e elementor-widget elementor-widget-text-editor\" data-id=\"b9a8d5e\" data-element_type=\"widget\" data-widget_type=\"text-editor.default\">\n\t\t\t\t<div class=\"elementor-widget-container\">\n\t\t\t\t\t\t\t\t\t<p><em>Suntem o echip\u0103 <strong>onest\u0103<\/strong>, unit\u0103, energic\u0103, optimist\u0103, ghidat\u0103 de un scop comun, de a z\u00e2mbi \u0219i de a face copiii s\u0103 se simt\u0103 iubi\u021bi, \u00een siguran\u021b\u0103, \u0219i s\u0103 dob\u00e2ndeasc\u0103 toate informa\u021biile necesare pentru a deveni adul\u021bii viitorului.<\/em><\/p><p><strong><em>Studiile, calific\u0103rile pluridisciplinare \u0219i experien\u021ba ne recomand\u0103 \u00een activit\u0103\u021bile cu copiii, iar d\u0103ruirea \u0219i dragostea fa\u021b\u0103 de ace\u0219tia ne determin\u0103 s\u0103 ne dorim s\u0103 evolu\u0103m, s\u0103\u00a0 \u00eenv\u0103\u021b\u0103m \u0219i s\u0103 continu\u0103m formarea pedagogic\u0103 permanent, frecvent\u00e2nd diferite cursuri de dezvoltare \u0219i acces\u00e2nd orice resurs\u0103 care ne arat\u0103 noile tendin\u021be \u00een educa\u021bie.<\/em><\/strong><\/p><p><em>Personalul medical asigur\u0103 zilnic un mediu s\u0103n\u0103tos, copiii cu simptome de boal\u0103 nefiind accepta\u021bi \u00een colectivitate. De asemenea, personalul medical este prezent pe tot parcurul zilei, monitorizeaz\u0103 \u0219i rezolv\u0103 orice problem\u0103 medical\u0103 ap\u0103rut\u0103 \u00een timpul zilei.<\/em><\/p>\t\t\t\t\t\t\t\t<\/div>\n\t\t\t\t<\/div>\n\t\t\t\t\t<\/div>\n\t\t\t\t<\/div>\n\t\t<div class=\"elementor-element elementor-element-cc55c85 e-flex e-con-boxed e-con e-parent\" data-id=\"cc55c85\" data-element_type=\"container\">\n\t\t\t\t\t<div class=\"e-con-inner\">\n\t\t<div class=\"elementor-element elementor-element-066cb73 e-con-full e-flex e-con e-child\" data-id=\"066cb73\" data-element_type=\"container\">\n\t\t\t\t<div class=\"elementor-element elementor-element-93d6cce elementor-widget elementor-widget-text-editor\" data-id=\"93d6cce\" data-element_type=\"widget\" data-widget_type=\"text-editor.default\">\n\t\t\t\t<div class=\"elementor-widget-container\">\n\t\t\t\t\t\t\t\t\t<p>Director Departament Liceul Politehnica &#8211; <a href=\"https:\/\/scoala.upb.ro\/wp-content\/uploads\/2025\/09\/CV_Laura_Serbanescu-1.docx\" target=\"_blank\" rel=\"noopener\"><strong>Prof univ Dr Laura \u0218erb\u0103nescu<\/strong><\/a><\/p><p>Director educativ &#8211; coordonator nivel \u00eenv\u0103\u021b\u0103m\u00e2nt pre\u0219colar &#8211; <a href=\"https:\/\/scoala.upb.ro\/wp-content\/uploads\/2025\/09\/CV-Sandu-Victoria.pdf\"><strong>Profesor gradul II Victoria Sandu<\/strong><\/a><\/p><p>Coordonator nivel \u00eenv\u0103\u021b\u0103m\u00e2nt primar &#8211; <a href=\"https:\/\/scoala.upb.ro\/wp-content\/uploads\/2025\/09\/CVCosmina-Valcu.docx\"><strong>Profesor Gradul II Cosmina V\u00e2lcu<\/strong><\/a><\/p><p>Coordonator nivel \u00eenv\u0103\u021b\u0103m\u00e2nt gimnazial &#8211; <a href=\"https:\/\/scoala.upb.ro\/wp-content\/uploads\/2025\/11\/CV-site-Bulica-CoNstantin.pdf\"><strong>Profesor gradul II Constantin Bulica<\/strong><\/a><\/p><p>Administrator- <a href=\"https:\/\/scoala.upb.ro\/wp-content\/uploads\/2025\/11\/CV-SIMONA-NEDELUS.pdf\"><strong>Simona Nedelus<\/strong><\/a><\/p><p>Administrator &#8211; <strong>Inginer Drago\u0219 Simionescu<\/strong><\/p><p>Informatician &#8211; <strong>Inginer Santo Zurzu<\/strong><\/p><p>Secretar \u0218ef &#8211; <a href=\"https:\/\/scoala.upb.ro\/wp-content\/uploads\/2025\/11\/CV-Manea-Alina-site.pdf\"><strong>Inginer Alina Manea<\/strong><\/a><\/p><p>Secretar &#8211; <a href=\"https:\/\/scoala.upb.ro\/wp-content\/uploads\/2025\/11\/Cristina-Dobrin.pdf\"><strong>Cristina Dobrin<\/strong><\/a><\/p><p>Medic \u0219colar &#8211; <strong>Claudia Dobromir<\/strong><\/p><p>Medic stomatolog &#8211; <strong>Adelina Niculescu<\/strong><\/p><p>Asistent\u0103 medical\u0103 &#8211; <strong>Maria Rosciuc<\/strong><\/p><p>Asistent\u0103 medical\u0103 &#8211; <strong>Mirela Ruscu<\/strong><\/p>\t\t\t\t\t\t\t\t<\/div>\n\t\t\t\t<\/div>\n\t\t\t\t<\/div>\n\t\t\t\t\t<\/div>\n\t\t\t\t<\/div>\n\t\t<div class=\"elementor-element elementor-element-eefda9e e-flex e-con-boxed e-con e-parent\" data-id=\"eefda9e\" data-element_type=\"container\">\n\t\t\t\t\t<div class=\"e-con-inner\">\n\t\t\t\t<div class=\"elementor-element elementor-element-1a61a88 elementor-widget elementor-widget-heading\" data-id=\"1a61a88\" data-element_type=\"widget\" data-widget_type=\"heading.default\">\n\t\t\t\t<div class=\"elementor-widget-container\">\n\t\t\t\t\t<h2 class=\"elementor-heading-title elementor-size-default\">\u00cencadrarea cu personal didactic nivel \u00eenv\u0103\u021b\u0103m\u00e2nt pre\u0219colar<\/h2>\t\t\t\t<\/div>\n\t\t\t\t<\/div>\n\t\t<div class=\"elementor-element elementor-element-89b04ae e-con-full e-flex e-con e-child\" data-id=\"89b04ae\" data-element_type=\"container\">\n\t\t\t\t<div class=\"elementor-element elementor-element-e4550d0 elementor-widget elementor-widget-text-editor\" data-id=\"e4550d0\" data-element_type=\"widget\" data-widget_type=\"text-editor.default\">\n\t\t\t\t<div class=\"elementor-widget-container\">\n\t\t\t\t\t\t\t\t\t<p>Grupa Mini A &#8211; <a href=\"https:\/\/scoala.upb.ro\/wp-content\/uploads\/2025\/09\/CV-Sandu-Victoria.pdf\"><strong>profesor Victoria Sandu<\/strong><\/a>, Paltin Andreea<\/p><p>Grupa Mini B &#8211; profesori <a href=\"https:\/\/scoala.upb.ro\/wp-content\/uploads\/2025\/09\/descriere-site-Dumitru-Cristina.pdf\"><strong>Cristina Dumitru<\/strong><\/a>, <a href=\"https:\/\/scoala.upb.ro\/wp-content\/uploads\/2025\/09\/CV-Isabela-Craciun.docx\"><strong>Isabela Cr\u0103ciun<\/strong><\/a><\/p><p>Grupa Mic\u0103 A &#8211; profesori <a href=\"https:\/\/scoala.upb.ro\/wp-content\/uploads\/2025\/09\/Curiculum-Vitae-scurt-Madalina-Zlatea.pdf\"><strong>M\u0103d\u0103lina Zlatea<\/strong><\/a>, <a href=\"https:\/\/scoala.upb.ro\/wp-content\/uploads\/2025\/09\/Curiculum_Vitae_scurt_Miruna-2.pdf\"><strong>Miruna Georgescu<\/strong><\/a><\/p><p>Grupa Mic\u0103 B &#8211; profesori <a href=\"https:\/\/scoala.upb.ro\/wp-content\/uploads\/2025\/09\/CVAndaBarbu.pdf\"><strong>Anda Barbu<\/strong><\/a>, Nastasia Fotu<\/p><p>Grupa Mijlocie A &#8211; <a href=\"https:\/\/scoala.upb.ro\/wp-content\/uploads\/2025\/09\/CV-Laura-Chirica.docx\"><strong>profesor Laura Chirica<\/strong><\/a><\/p><p>Grupa Mijlocie B &#8211; <a href=\"https:\/\/scoala.upb.ro\/wp-content\/uploads\/2025\/09\/CV-Felicia-Chirica.docx\"><strong>profesor Felicia Chirica<\/strong><\/a>, Alexe Trandafir<\/p><p>Grupa Mare A &#8211; <strong><a href=\"https:\/\/scoala.upb.ro\/wp-content\/uploads\/2025\/09\/CV-Daniela-Muraru.pdf\">profesor Daniela Muraru<\/a><\/strong><\/p><p>Grupa Mare B &#8211; <a href=\"https:\/\/scoala.upb.ro\/wp-content\/uploads\/2025\/09\/Descriere-Alexandra-Trandafir-Site.pdf\"><strong>profesor Alexandra Trandafir<\/strong><\/a>, Irina Enus<\/p>\t\t\t\t\t\t\t\t<\/div>\n\t\t\t\t<\/div>\n\t\t\t\t<\/div>\n\t\t\t\t\t<\/div>\n\t\t\t\t<\/div>\n\t\t<div class=\"elementor-element elementor-element-447c346 e-flex e-con-boxed e-con e-parent\" data-id=\"447c346\" data-element_type=\"container\">\n\t\t\t\t\t<div class=\"e-con-inner\">\n\t\t\t\t<div class=\"elementor-element elementor-element-4d4eb0e elementor-widget elementor-widget-heading\" data-id=\"4d4eb0e\" data-element_type=\"widget\" data-widget_type=\"heading.default\">\n\t\t\t\t<div class=\"elementor-widget-container\">\n\t\t\t\t\t<h2 class=\"elementor-heading-title elementor-size-default\">\u00cencadrarea cu personal didactic nivel \u00eenv\u0103\u021b\u0103m\u00e2nt primar:<\/h2>\t\t\t\t<\/div>\n\t\t\t\t<\/div>\n\t\t<div class=\"elementor-element elementor-element-4b29508 e-con-full e-flex e-con e-child\" data-id=\"4b29508\" data-element_type=\"container\">\n\t\t\t\t<div class=\"elementor-element elementor-element-6a2ed8d elementor-widget elementor-widget-text-editor\" data-id=\"6a2ed8d\" data-element_type=\"widget\" data-widget_type=\"text-editor.default\">\n\t\t\t\t<div class=\"elementor-widget-container\">\n\t\t\t\t\t\t\t\t\t<ul><li>clasa preg\u0103titoare A profesor Simona Savu<\/li><li>clasa preg\u0103titoare B profesor Venera Balaban<\/li><li>clasa preg\u0103titoare C profesor <a href=\"https:\/\/scoala.upb.ro\/wp-content\/uploads\/2025\/11\/CV-GUGLEA-DIANA-GEORGIANA.pdf\">Diana Ungureanu<\/a><\/li><li>clasa I A profesor Diana Bocan<\/li><li>clasa I B profesor Monica Braboveanu<\/li><li>clasa I C profesor Lavinia Huiu<\/li><li>clasa a II-a A profesor Adina Marciu<\/li><li>clasa a II -a B profesor Elena Neac\u0219u<\/li><li>clasa a II -a C profesor Codru\u021ba Jipa<\/li><li>clasa a III a A profesor Ana Ionescu<\/li><li>clasa a III-a B profesor Adina Vieru<\/li><li>clasa a IV-a A profesor Cosmina V\u00e2lcu<\/li><li>clasa a IV-a B profesor Livia Negoescu<\/li><\/ul>\t\t\t\t\t\t\t\t<\/div>\n\t\t\t\t<\/div>\n\t\t\t\t<\/div>\n\t\t\t\t\t<\/div>\n\t\t\t\t<\/div>\n\t\t<div class=\"elementor-element elementor-element-365d475 e-flex e-con-boxed e-con e-parent\" data-id=\"365d475\" data-element_type=\"container\">\n\t\t\t\t\t<div class=\"e-con-inner\">\n\t\t\t\t<div class=\"elementor-element elementor-element-2b96703 elementor-widget elementor-widget-heading\" data-id=\"2b96703\" data-element_type=\"widget\" data-widget_type=\"heading.default\">\n\t\t\t\t<div class=\"elementor-widget-container\">\n\t\t\t\t\t<h2 class=\"elementor-heading-title elementor-size-default\">\u00cencadrarea cu personal didactic nivel \u00eenv\u0103\u021b\u0103m\u00e2nt gimnazial si liceal<\/h2>\t\t\t\t<\/div>\n\t\t\t\t<\/div>\n\t\t<div class=\"elementor-element elementor-element-795250c e-con-full e-flex e-con e-child\" data-id=\"795250c\" data-element_type=\"container\">\n\t\t\t\t<div class=\"elementor-element elementor-element-f7efcf4 elementor-widget elementor-widget-text-editor\" data-id=\"f7efcf4\" data-element_type=\"widget\" data-widget_type=\"text-editor.default\">\n\t\t\t\t<div class=\"elementor-widget-container\">\n\t\t\t\t\t\t\t\t\t<p>&#8211; Profesori Limba rom\u00e2n\u0103: Silvia Hainarosie, Andra Grecu<\/p><p>&#8211; Profesori Limba englez\u0103: Andreea Stan, Cristina Mircea, Lucica Busatovici, Enika Birceanu<\/p><p>&#8211; Profesori Limba german\u0103: Carmen Ni\u021bescu, Cristina Vlad<\/p><p>&#8211; Profesori Limba francez\u0103: Mihaela Pantazi, Popescu Mirela<\/p><p>&#8211; Profesori matematic\u0103: Raluca Purnichescu, Alexandra \u0218tefan, Andreea Ilisanu<\/p><p>&#8211; Profesor Istorie: George Galca<\/p><p>&#8211; Profesor Geografie: Daniela Ialomi\u021beanu<\/p><p>&#8211; Profesor Biologie: Popescu Mirela<\/p><p>&#8211; Profesori Educa\u021bie muzical\u0103: \u0218tefania P\u00e2rlitu, Maria Sverginski<\/p><p>&#8211; Profesor Educa\u021bie plastic\u0103: Ana Maria Barb<\/p><p>&#8211; Profesori Educa\u021bie tehnologic\u0103: Constantin Bulica, <a href=\"https:\/\/scoala.upb.ro\/wp-content\/uploads\/2025\/11\/Dinu_Alexandru_Europass_RO.docx\">Alexandru Dinu<\/a><\/p><p>&#8211; Profesori Educatie social\u0103: Constantin Bulica, Corina Marcu, Casiana Bunea<\/p><p>&#8211; Profesori Educa\u021bie fizic\u0103: Andrei Manu, Andrei Marica<\/p><p>&#8211; Profesori Religie: Marius Petcu, Mihai Marius<\/p><p>&#8211; Profesori TIC\/Informatica: Irina Badralexi, <a href=\"https:\/\/scoala.upb.ro\/wp-content\/uploads\/2025\/11\/Dinu_Alexandru_Europass_RO.docx\">Alexandru Dinu<\/a>, Andreea Ilisanu<\/p><p>-Profesori Fizic\u0103: Grigore Alexia, Maria Mihail<\/p>\t\t\t\t\t\t\t\t<\/div>\n\t\t\t\t<\/div>\n\t\t\t\t<\/div>\n\t\t\t\t\t<\/div>\n\t\t\t\t<\/div>\n\t\t<div class=\"elementor-element elementor-element-333edb5 e-flex e-con-boxed e-con e-parent\" data-id=\"333edb5\" data-element_type=\"container\">\n\t\t\t\t\t<div class=\"e-con-inner\">\n\t\t\t\t<div class=\"elementor-element elementor-element-b2649bc elementor-widget elementor-widget-heading\" data-id=\"b2649bc\" data-element_type=\"widget\" data-widget_type=\"heading.default\">\n\t\t\t\t<div class=\"elementor-widget-container\">\n\t\t\t\t\t<h2 class=\"elementor-heading-title elementor-size-default\">\u00cencadrarea cu personal didactic nivel \u00eenv\u0103\u021b\u0103m\u00e2nt primar<\/h2>\t\t\t\t<\/div>\n\t\t\t\t<\/div>\n\t\t<div class=\"elementor-element elementor-element-880cde1 e-con-full e-flex e-con e-child\" data-id=\"880cde1\" data-element_type=\"container\">\n\t\t\t\t<div class=\"elementor-element elementor-element-1120da5 elementor-widget elementor-widget-text-editor\" data-id=\"1120da5\" data-element_type=\"widget\" data-widget_type=\"text-editor.default\">\n\t\t\t\t<div class=\"elementor-widget-container\">\n\t\t\t\t\t\t\t\t\t<p>Clasa preg\u0103titoare A- <a href=\"https:\/\/scoala.upb.ro\/wp-content\/uploads\/2025\/09\/CV-SAVU-SIMONA.pdf\"><strong>profesor Simona Savu<\/strong><\/a><\/p><p>Clasa preg\u0103titoare B &#8211; <a href=\"https:\/\/scoala.upb.ro\/wp-content\/uploads\/2025\/09\/CV-Venera-Balaban.pdf\"><strong>profesor Venera Balaban<\/strong><\/a><\/p><p>Clasa preg\u0103titoare C &#8211; <strong>profesor Diana Ungureanu<\/strong><\/p><p>Clasa I A &#8211; <a href=\"https:\/\/scoala.upb.ro\/wp-content\/uploads\/2025\/09\/CV-Fily.pdf\"><strong>profesor Diana Bocan<\/strong><\/a><\/p><p>Clasa I B &#8211; <a href=\"https:\/\/scoala.upb.ro\/wp-content\/uploads\/2025\/09\/CV_Monica_Braboveanu.pdf\"><strong>profesor Monica Braboveanu<\/strong><\/a><\/p><p>Clasa I C &#8211; <a href=\"https:\/\/scoala.upb.ro\/wp-content\/uploads\/2025\/09\/Profil-Huiu-Lavinia-Daniela.pdf\"><strong>profesor Lavinia Huiu<\/strong><\/a><\/p><p>&#8211; clasa a II-a A &#8211; <strong>profesor Adina Marciu<\/strong><\/p><p>Clasa a II -a B &#8211; <a href=\"https:\/\/scoala.upb.ro\/wp-content\/uploads\/2025\/09\/CV-ELENA-NEACSU.pdf\"><strong>profesor Elena Neac\u0219u<\/strong><\/a><\/p><p>Clasa a II -a C &#8211; <a href=\"https:\/\/scoala.upb.ro\/wp-content\/uploads\/2025\/09\/CV-Jipa-Codruta.docx\"><strong>profesor Codru\u021ba Jipa<\/strong><\/a><\/p><p>Clasa a III a A &#8211; <a href=\"https:\/\/scoala.upb.ro\/wp-content\/uploads\/2025\/09\/CV-Ana-Maria-IONESCU.pdf\"><strong>profesor Ana Ionescu<\/strong><\/a><\/p><p>Clasa a III-a B &#8211; <a href=\"https:\/\/scoala.upb.ro\/wp-content\/uploads\/2025\/09\/CV-Vieru-Adina.pdf\"><strong>profesor Adina Vieru<\/strong><\/a><\/p><p>Clasa a IV-a A &#8211; <a href=\"https:\/\/scoala.upb.ro\/wp-content\/uploads\/2025\/09\/CVCosmina-Valcu.docx\"><strong>profesor Cosmina V\u00e2lcu<\/strong><\/a><\/p><p>Clasa a IV-a B &#8211; <a href=\"https:\/\/scoala.upb.ro\/wp-content\/uploads\/2025\/09\/CV-scurta-descriere-Livia.docx\"><strong>profesor Livia Negoescu<\/strong><\/a><\/p>\t\t\t\t\t\t\t\t<\/div>\n\t\t\t\t<\/div>\n\t\t\t\t<\/div>\n\t\t\t\t\t<\/div>\n\t\t\t\t<\/div>\n\t\t<div class=\"elementor-element elementor-element-94e58aa e-flex e-con-boxed e-con e-parent\" data-id=\"94e58aa\" data-element_type=\"container\">\n\t\t\t\t\t<div class=\"e-con-inner\">\n\t\t\t\t<div class=\"elementor-element elementor-element-cabcc51 elementor-widget elementor-widget-heading\" data-id=\"cabcc51\" data-element_type=\"widget\" data-widget_type=\"heading.default\">\n\t\t\t\t<div class=\"elementor-widget-container\">\n\t\t\t\t\t<h2 class=\"elementor-heading-title elementor-size-default\">Profesori dirigin\u021bi<\/h2>\t\t\t\t<\/div>\n\t\t\t\t<\/div>\n\t\t<div class=\"elementor-element elementor-element-a71a8ff e-con-full e-flex e-con e-child\" data-id=\"a71a8ff\" data-element_type=\"container\">\n\t\t\t\t<div class=\"elementor-element elementor-element-15cb50f elementor-widget elementor-widget-text-editor\" data-id=\"15cb50f\" data-element_type=\"widget\" data-widget_type=\"text-editor.default\">\n\t\t\t\t<div class=\"elementor-widget-container\">\n\t\t\t\t\t\t\t\t\t<p>Profesor diriginte clasa a V a A &#8211; <strong>Profesor Casiana Bunea<\/strong><\/p><p>Profesor diriginte clasa a V a B &#8211; <strong>Profesor Lucica Busatovici<\/strong><\/p><p>Profesor diriginte clasa a V a C: Profesor Georgiana Sararu<\/p><p>Profesor diriginte clasa a VI-a A &#8211; <strong>Profesor Alexandra \u0218tefan<\/strong><\/p><p>Profesor diriginte clasa a VI-a B &#8211; <strong>Profesor Silvia Hainarosie<\/strong><\/p><p>Profesor diriginte clasa a VII-a &#8211; <strong>Profesor Andreia Stan<\/strong><\/p><p>Profesor diriginte clasa a VIII- a &#8211;<strong> Profesor Constantin Bulica<\/strong><\/p><p>Profesor diriginte clasa a IX-a &#8211; <strong>Profesor Andrei Marica<\/strong><\/p>\t\t\t\t\t\t\t\t<\/div>\n\t\t\t\t<\/div>\n\t\t\t\t<\/div>\n\t\t\t\t\t<\/div>\n\t\t\t\t<\/div>\n\t\t\t\t<\/div>\n\t\t","protected":false},"excerpt":{"rendered":"<p>Suntem o echip\u0103 onest\u0103, unit\u0103, energic\u0103, optimist\u0103, ghidat\u0103 de un scop comun, de a z\u00e2mbi \u0219i de a face copiii s\u0103 se simt\u0103 iubi\u021bi, \u00een siguran\u021b\u0103, \u0219i s\u0103 dob\u00e2ndeasc\u0103 toate [&hellip;]<\/p>\n","protected":false},"author":2,"featured_media":0,"parent":0,"menu_order":0,"comment_status":"closed","ping_status":"closed","template":"","meta":{"inline_featured_image":false,"footnotes":""},"class_list":["post-1000","page","type-page","status-publish","hentry"],"_links":{"self":[{"href":"https:\/\/scoala.upb.ro\/index.php?rest_route=\/wp\/v2\/pages\/1000","targetHints":{"allow":["GET"]}}],"collection":[{"href":"https:\/\/scoala.upb.ro\/index.php?rest_route=\/wp\/v2\/pages"}],"about":[{"href":"https:\/\/scoala.upb.ro\/index.php?rest_route=\/wp\/v2\/types\/page"}],"author":[{"embeddable":true,"href":"https:\/\/scoala.upb.ro\/index.php?rest_route=\/wp\/v2\/users\/2"}],"replies":[{"embeddable":true,"href":"https:\/\/scoala.upb.ro\/index.php?rest_route=%2Fwp%2Fv2%2Fcomments&post=1000"}],"version-history":[{"count":41,"href":"https:\/\/scoala.upb.ro\/index.php?rest_route=\/wp\/v2\/pages\/1000\/revisions"}],"predecessor-version":[{"id":1364,"href":"https:\/\/scoala.upb.ro\/index.php?rest_route=\/wp\/v2\/pages\/1000\/revisions\/1364"}],"wp:attachment":[{"href":"https:\/\/scoala.upb.ro\/index.php?rest_route=%2Fwp%2Fv2%2Fmedia&parent=1000"}],"curies":[{"name":"wp","href":"https:\/\/api.w.org\/{rel}","templated":true}]}}