{"id":998,"date":"2023-09-29T09:04:08","date_gmt":"2023-09-29T09:04:08","guid":{"rendered":"https:\/\/scoala.upb.ro\/?page_id=998"},"modified":"2025-11-18T07:42:04","modified_gmt":"2025-11-18T07:42:04","slug":"povestea-noastra","status":"publish","type":"page","link":"https:\/\/scoala.upb.ro\/?page_id=998","title":{"rendered":"Povestea noastr\u0103"},"content":{"rendered":"\t\t<div data-elementor-type=\"wp-page\" data-elementor-id=\"998\" class=\"elementor elementor-998\">\n\t\t\t\t<div class=\"elementor-element elementor-element-252af17 e-flex e-con-boxed e-con e-parent\" data-id=\"252af17\" data-element_type=\"container\">\n\t\t\t\t\t<div class=\"e-con-inner\">\n\t\t\t\t<div class=\"elementor-element elementor-element-abac11e elementor-widget elementor-widget-text-editor\" data-id=\"abac11e\" data-element_type=\"widget\" data-widget_type=\"text-editor.default\">\n\t\t\t\t<div class=\"elementor-widget-container\">\n\t\t\t\t\t\t\t\t\t<p><em>Liceul POLITEHNICA s-a \u00eenfiin\u021bat ca urmare a Hot\u0103r\u00e2rii Senatului Universit\u0103\u021bii Politehnica din Bucure\u0219ti, mai \u00eent\u00e2i \u00een anul 2016 prin O.M. nr. 5613\/25.10.2016 pentru nivelul pre\u0219colar, apoi prin O.M. nr. 4600\/17.08.2017 pentru nivelul primar, din dorin\u021ba oferirii unei educa\u021bii de calitate copiilor angaja\u021bilor Universit\u0103\u021bii Politehnica din Bucure\u0219ti. Au urmat OM 5308\/31.08.2022 si OM 4002_09.05.2025 prin care s-au infiintat nivelurile gimnazial si liceal.<\/em><\/p><p><em>Suntem un concept inovator \u00een Bucure\u0219ti, prima Gr\u0103dini\u021b\u0103 \u0219i \u0218coal\u0103 Primar\u0103\/Gimnazial\u0103 si ulterior Liceu, adresat copiilor ai c\u0103ror p\u0103rin\u021bi sau bunici sunt angaja\u021bi \u00een cadrul Universit\u0103\u021bii POLITEHNICA din\u00a0 Bucure\u0219ti.\u00a0 \u00cen primul r\u00e2nd oferim timp, z\u00e2mbete, iubire \u0219i tot entuziasmul pentru a crea un mediu armonios \u0219i vesel \u00een care copiii s\u0103 evolueze prin joc.<\/em><\/p><p><em>A\u0219adar, Liceul POLITEHNICA se adreseaz\u0103 \u00eentregii familii, aduce mai aproape de locul de munc\u0103 al p\u0103rin\u021bilor, gener\u00e2nd\u00a0 mai mult timp\u00a0 petrecut de familie, deoarece se elimin\u0103\u00a0 \u201dnaveta\u201d cas\u0103-gradini\u021b\u0103\/\u0219coal\u0103-serviciu.<\/em><\/p><p><em>Prin oferta educa\u021bional\u0103 individualiz\u0103m gr\u0103dini\u021ba \u0219i \u0219coala noastr\u0103 \u0219i le contur\u0103m \u201epersonalitatea\u201d. Oferim o abordare pluridisciplinar\u0103: ingrijire, nutritie si educatie \u00een acela\u0219i timp\u00a0 \u0219i un program adaptat nevoilor p\u0103rin\u021bilor angaja\u021bi \u00een Universitatea POLITEHNICA din Bucure\u0219ti.<\/em><\/p><p><em>Copiii au asigurate micul dejun, pr\u00e2nzul \u0219i gust\u0103rile, meniu atent elaborat de o echip\u0103 format\u0103 din cadre medicale specializate (medic \u0219i asistent medical), zilnic verificat de aceea\u0219i echip\u0103.<\/em><\/p><p><em>\u0218coala este un loc sigur, copiii sunt \u00een permanen\u021b\u0103 supraveghea\u021bi, at\u00e2t \u00een clase c\u00e2t \u0219i \u00een locurile de joac\u0103, beneficiaz\u0103 de asisten\u021b\u0103 medical\u0103 pe tot parcursul programului.<\/em><\/p><p><em>Programul educativ al \u0219colii este flexibil \u0219i acoper\u0103 cerin\u021bele dezvolt\u0103rii copilului at\u00e2t la nivel psiho-cognitiv, c\u00e2t \u0219i fizic. <\/em><em>Utiliz\u0103m o abordare individualizat\u0103 a copilului, personalul didactic \u021bine seama de ritmul propriu de dezvoltare al fiec\u0103ruia, de nevoile sale afective \u0219i de activitatea fundamental\u0103 corespunz\u0103toare v\u00e2rstei \u2013 jocul. Educ\u0103m cu bl\u00e2nde\u021be \u0219i fermitate copiii, avem reguli clare \u0219i simple, \u00eencuraj\u0103m colaborarea \u0219i lucrul \u00een grupe \u0219i echipe, empatia <\/em><em>\u0219i toleran\u021ba \u0219i<\/em><em> ne propunem dezvoltarea abilit\u0103\u021bilor sociale.<\/em><\/p><p><em>Dot\u0103rile materiale sunt stabilite respect\u00e2nd principiul asigur\u0103rii unui mediu ce garanteaz\u0103 siguran\u021ba \u0219i s\u0103n\u0103tatea copiilor, un mediu sigur \u00een care copiii sunt educa\u021bi, iubi\u021bi \u0219i \u00eengriji\u021bi \u00een timp ce p\u0103rin\u021bii sunt antrena\u021bi \u00een alte activit\u0103\u021bi. Un avantaj major este amplasarea \u00eentr-o zon\u0103 lini\u0219tit\u0103, departe de zgomotul \u0219i de poluarea ora\u0219ului.<\/em><\/p>\t\t\t\t\t\t\t\t<\/div>\n\t\t\t\t<\/div>\n\t\t\t\t\t<\/div>\n\t\t\t\t<\/div>\n\t\t<div class=\"elementor-element elementor-element-e5776bd e-flex e-con-boxed e-con e-parent\" data-id=\"e5776bd\" data-element_type=\"container\">\n\t\t\t\t\t<div class=\"e-con-inner\">\n\t\t\t\t<div class=\"elementor-element elementor-element-0b1874a elementor-widget elementor-widget-heading\" data-id=\"0b1874a\" data-element_type=\"widget\" data-widget_type=\"heading.default\">\n\t\t\t\t<div class=\"elementor-widget-container\">\n\t\t\t\t\t<h2 class=\"elementor-heading-title elementor-size-default\">Liceul POLITEHNICA beneficiaz\u0103 de urm\u0103toarele dot\u0103ri:<\/h2>\t\t\t\t<\/div>\n\t\t\t\t<\/div>\n\t\t\t\t\t<\/div>\n\t\t\t\t<\/div>\n\t\t<div class=\"elementor-element elementor-element-3d44600 e-flex e-con-boxed e-con e-parent\" data-id=\"3d44600\" data-element_type=\"container\">\n\t\t\t\t\t<div class=\"e-con-inner\">\n\t\t\t\t<div class=\"elementor-element elementor-element-b5b5fb6 elementor-widget elementor-widget-toggle\" data-id=\"b5b5fb6\" data-element_type=\"widget\" data-widget_type=\"toggle.default\">\n\t\t\t\t<div class=\"elementor-widget-container\">\n\t\t\t\t\t\t\t<div class=\"elementor-toggle\">\n\t\t\t\t\t\t\t<div class=\"elementor-toggle-item\">\n\t\t\t\t\t<div id=\"elementor-tab-title-1901\" class=\"elementor-tab-title\" data-tab=\"1\" role=\"button\" aria-controls=\"elementor-tab-content-1901\" aria-expanded=\"false\">\n\t\t\t\t\t\t\t\t\t\t\t\t<span class=\"elementor-toggle-icon elementor-toggle-icon-left\" aria-hidden=\"true\">\n\t\t\t\t\t\t\t\t\t\t\t\t\t\t\t<span class=\"elementor-toggle-icon-closed\"><i class=\"fas fa-caret-right\"><\/i><\/span>\n\t\t\t\t\t\t\t\t<span class=\"elementor-toggle-icon-opened\"><i class=\"elementor-toggle-icon-opened fas fa-caret-up\"><\/i><\/span>\n\t\t\t\t\t\t\t\t\t\t\t\t\t<\/span>\n\t\t\t\t\t\t\t\t\t\t\t\t<a class=\"elementor-toggle-title\" tabindex=\"0\">Corp Gr\u0103dini\u021b\u0103<\/a>\n\t\t\t\t\t<\/div>\n\n\t\t\t\t\t<div id=\"elementor-tab-content-1901\" class=\"elementor-tab-content elementor-clearfix\" data-tab=\"1\" role=\"region\" aria-labelledby=\"elementor-tab-title-1901\"><ul><li><em>6\u00a0<\/em>\u00a0s\u0103li de grup\u0103 pentru \u00eenv\u0103\u021b\u0103m\u00e2ntul pre\u0219colar cu mobilier atractiv \u015fi multifunc\u0163ional, sectorizate pe zone de lucru la activit\u0103\u0163ile alese, cu posibilitatea folosirii lor \u015fi la activit\u0103\u0163ile comune ce utilizeaz\u0103 metode interactive \u015fi integrative<\/li><li>5 dormitoare ( separat de s\u0103lile de clas\u0103) pentru \u00eenv\u0103\u021b\u0103m\u00e2ntul pre\u0219colar<\/li><\/ul><\/div>\n\t\t\t\t<\/div>\n\t\t\t\t\t\t\t<div class=\"elementor-toggle-item\">\n\t\t\t\t\t<div id=\"elementor-tab-title-1902\" class=\"elementor-tab-title\" data-tab=\"2\" role=\"button\" aria-controls=\"elementor-tab-content-1902\" aria-expanded=\"false\">\n\t\t\t\t\t\t\t\t\t\t\t\t<span class=\"elementor-toggle-icon elementor-toggle-icon-left\" aria-hidden=\"true\">\n\t\t\t\t\t\t\t\t\t\t\t\t\t\t\t<span class=\"elementor-toggle-icon-closed\"><i class=\"fas fa-caret-right\"><\/i><\/span>\n\t\t\t\t\t\t\t\t<span class=\"elementor-toggle-icon-opened\"><i class=\"elementor-toggle-icon-opened fas fa-caret-up\"><\/i><\/span>\n\t\t\t\t\t\t\t\t\t\t\t\t\t<\/span>\n\t\t\t\t\t\t\t\t\t\t\t\t<a class=\"elementor-toggle-title\" tabindex=\"0\">Corp \u0218coal\u0103 Gimnazial\u0103<\/a>\n\t\t\t\t\t<\/div>\n\n\t\t\t\t\t<div id=\"elementor-tab-content-1902\" class=\"elementor-tab-content elementor-clearfix\" data-tab=\"2\" role=\"region\" aria-labelledby=\"elementor-tab-title-1902\"><ul><li><em>8<\/em>\u00a0s\u0103li de clas\u0103 pentru nivel primar\/gimnazial cu mobilier atractiv \u015fi multifunc\u0163ional.<\/li><li><em>Sala de sport<\/em><\/li><\/ul><\/div>\n\t\t\t\t<\/div>\n\t\t\t\t\t\t\t<div class=\"elementor-toggle-item\">\n\t\t\t\t\t<div id=\"elementor-tab-title-1903\" class=\"elementor-tab-title\" data-tab=\"3\" role=\"button\" aria-controls=\"elementor-tab-content-1903\" aria-expanded=\"false\">\n\t\t\t\t\t\t\t\t\t\t\t\t<span class=\"elementor-toggle-icon elementor-toggle-icon-left\" aria-hidden=\"true\">\n\t\t\t\t\t\t\t\t\t\t\t\t\t\t\t<span class=\"elementor-toggle-icon-closed\"><i class=\"fas fa-caret-right\"><\/i><\/span>\n\t\t\t\t\t\t\t\t<span class=\"elementor-toggle-icon-opened\"><i class=\"elementor-toggle-icon-opened fas fa-caret-up\"><\/i><\/span>\n\t\t\t\t\t\t\t\t\t\t\t\t\t<\/span>\n\t\t\t\t\t\t\t\t\t\t\t\t<a class=\"elementor-toggle-title\" tabindex=\"0\">Corp Liceu<\/a>\n\t\t\t\t\t<\/div>\n\n\t\t\t\t\t<div id=\"elementor-tab-content-1903\" class=\"elementor-tab-content elementor-clearfix\" data-tab=\"3\" role=\"region\" aria-labelledby=\"elementor-tab-title-1903\"><\/div>\n\t\t\t\t<\/div>\n\t\t\t\t\t\t\t<div class=\"elementor-toggle-item\">\n\t\t\t\t\t<div id=\"elementor-tab-title-1904\" class=\"elementor-tab-title\" data-tab=\"4\" role=\"button\" aria-controls=\"elementor-tab-content-1904\" aria-expanded=\"false\">\n\t\t\t\t\t\t\t\t\t\t\t\t<span class=\"elementor-toggle-icon elementor-toggle-icon-left\" aria-hidden=\"true\">\n\t\t\t\t\t\t\t\t\t\t\t\t\t\t\t<span class=\"elementor-toggle-icon-closed\"><i class=\"fas fa-caret-right\"><\/i><\/span>\n\t\t\t\t\t\t\t\t<span class=\"elementor-toggle-icon-opened\"><i class=\"elementor-toggle-icon-opened fas fa-caret-up\"><\/i><\/span>\n\t\t\t\t\t\t\t\t\t\t\t\t\t<\/span>\n\t\t\t\t\t\t\t\t\t\t\t\t<a class=\"elementor-toggle-title\" tabindex=\"0\">Spa\u021bii comune:        <\/a>\n\t\t\t\t\t<\/div>\n\n\t\t\t\t\t<div id=\"elementor-tab-content-1904\" class=\"elementor-tab-content elementor-clearfix\" data-tab=\"4\" role=\"region\" aria-labelledby=\"elementor-tab-title-1904\"><ul><li>Sal\u0103 de sport<\/li><li>Zona de joac\u0103 \u015fi relaxare<\/li><li>Bibliotec\u0103<\/li><li>Cabinet de consiliere \u015fi psihologie<\/li><li>Cabinet de logopedie<\/li><li>Cabinet medical<\/li><li>Sal\u0103 de mese<\/li><li>Spa\u0163iu de joac\u0103 \u00een aer liber<\/li><\/ul><\/div>\n\t\t\t\t<\/div>\n\t\t\t\t\t\t\t\t<\/div>\n\t\t\t\t\t\t<\/div>\n\t\t\t\t<\/div>\n\t\t\t\t\t<\/div>\n\t\t\t\t<\/div>\n\t\t<div class=\"elementor-element elementor-element-b955ee4 e-flex e-con-boxed e-con e-parent\" data-id=\"b955ee4\" data-element_type=\"container\">\n\t\t\t\t\t<div class=\"e-con-inner\">\n\t\t\t\t<div class=\"elementor-element elementor-element-3ce91a2 elementor-widget elementor-widget-heading\" data-id=\"3ce91a2\" data-element_type=\"widget\" data-widget_type=\"heading.default\">\n\t\t\t\t<div class=\"elementor-widget-container\">\n\t\t\t\t\t<h3 class=\"elementor-heading-title elementor-size-default\">                 Mediul educa\u021bional <\/h3>\t\t\t\t<\/div>\n\t\t\t\t<\/div>\n\t\t\t\t\t<\/div>\n\t\t\t\t<\/div>\n\t\t<div class=\"elementor-element elementor-element-f01f54e e-flex e-con-boxed e-con e-parent\" data-id=\"f01f54e\" data-element_type=\"container\">\n\t\t\t\t\t<div class=\"e-con-inner\">\n\t\t\t\t<div class=\"elementor-element elementor-element-be152c0 elementor-widget elementor-widget-text-editor\" data-id=\"be152c0\" data-element_type=\"widget\" data-widget_type=\"text-editor.default\">\n\t\t\t\t<div class=\"elementor-widget-container\">\n\t\t\t\t\t\t\t\t\t<p><em>Mediul educa\u021bional asigurat \u00een gradini\u0163a \u015fi \u015fcoala noastr\u0103 faciliteaz\u0103 dezvoltarea liber\u0103 a copilului \u0219i pune \u00een eviden\u021b\u0103 dimensiunea intercultural\u0103 \u0219i pe cea a incluziunii sociale. Mediul este astfel preg\u0103tit \u00eenc\u00e2t s\u0103 permit\u0103 copiilor o explorare activ\u0103 \u0219i interac\u021biuni variate cu materialele, cu ceilal\u021bi copii \u0219i cu adul\u0163ii. Spa\u0163iul a fost conceput pentru dezvoltarea complex\u0103 a copiilor, viz\u00e2nd mai multe tipuri de dezvoltare a acestora: fizic\u0103, a limbajului \u0219i a competen\u021bei de comunicare, cognitiv\u0103, social-emo\u021bional\u0103, a capacit\u0103\u021bii de \u00eenv\u0103\u021bare \u015fi a diversit\u0103\u021bii culturale, dar \u00een principal a bucuriei jocului.<\/em><\/p><p><strong><em>\u00cen ceea ce prive\u0219te copiii de v\u00e2rste mai mari, ne concentr\u0103m pe interiorizarea \u0219i aplicarea normelor morale clasice, cu accent pe respect, disciplin\u0103, apreciere, toleran\u021b\u0103. <\/em><\/strong><\/p>\t\t\t\t\t\t\t\t<\/div>\n\t\t\t\t<\/div>\n\t\t\t\t\t<\/div>\n\t\t\t\t<\/div>\n\t\t<div class=\"elementor-element elementor-element-2fb2fc6 e-flex e-con-boxed e-con e-parent\" data-id=\"2fb2fc6\" data-element_type=\"container\">\n\t\t\t\t\t<div class=\"e-con-inner\">\n\t\t\t\t<div class=\"elementor-element elementor-element-4b6d2c6 elementor-widget elementor-widget-heading\" data-id=\"4b6d2c6\" data-element_type=\"widget\" data-widget_type=\"heading.default\">\n\t\t\t\t<div class=\"elementor-widget-container\">\n\t\t\t\t\t<h2 class=\"elementor-heading-title elementor-size-default\">Misiunea noastr\u0103<\/h2>\t\t\t\t<\/div>\n\t\t\t\t<\/div>\n\t\t\t\t\t<\/div>\n\t\t\t\t<\/div>\n\t\t<div class=\"elementor-element elementor-element-61285ed e-flex e-con-boxed e-con e-parent\" data-id=\"61285ed\" data-element_type=\"container\">\n\t\t\t\t\t<div class=\"e-con-inner\">\n\t\t\t\t<div class=\"elementor-element elementor-element-038076a elementor-widget elementor-widget-text-editor\" data-id=\"038076a\" data-element_type=\"widget\" data-widget_type=\"text-editor.default\">\n\t\t\t\t<div class=\"elementor-widget-container\">\n\t\t\t\t\t\t\t\t\t<p><em>Liceul\u00a0 Politehnica\u00a0 reprezinta alegerea\u00a0 potrivita pentru familiile\u00a0 care\u00a0 isi\u00a0 doresc\u00a0 o scoala\u00a0 unde copiii\u00a0 isi\u00a0 dezvolta mintea, creativitatea si spiritul, intr-un climat\u00a0 familial, unde educatia\u00a0\u00a0 se\u00a0 bazeaza\u00a0 pe\u00a0 o dezvoltare armonioasa, folosindu-se tehnici de predare inovatoare, interactive si materiale didactice performante. <\/em><\/p><p><em>In cadrul institutiei\u00a0 noastre activeaza un colectiv de profesionisti de exceptie, format din profesori cu experienta <strong>\u0219i cu formare academic\u0103 \u00een \u0219tiin\u021bele educa\u021biei<\/strong>.<\/em><\/p><p><em>Misiunea fundamental\u0103\u00a0 a institutie noastre este de a-i pregati pe copii pentru\u00a0\u00a0\u00a0 via\u021ba, pentru cerintele ei existente \u0219i viitoare, de a cultiva spiritul de initiativa, entuziasmul de a invata, spontaneitatea, independenta\u00a0 gandirii, motivatia\u00a0\u00a0 creativa si libertatea de exprimare, <strong>respectul, aprecierea, modestia.<\/strong><\/em><\/p><p><em>In acest sens, Liceul Politehnica\u00a0 isi propune mentinerea permanenta a colaborarii cu familia, pentru asigurarea reusitei fiecarui copil, pentru dezvoltarea si incurajarea potentialului sau creativ.<\/em><\/p><p><em>\u00a0<\/em><\/p>\t\t\t\t\t\t\t\t<\/div>\n\t\t\t\t<\/div>\n\t\t\t\t\t<\/div>\n\t\t\t\t<\/div>\n\t\t\t\t<\/div>\n\t\t","protected":false},"excerpt":{"rendered":"<p>Liceul POLITEHNICA s-a \u00eenfiin\u021bat ca urmare a Hot\u0103r\u00e2rii Senatului Universit\u0103\u021bii Politehnica din Bucure\u0219ti, mai \u00eent\u00e2i \u00een anul 2016 prin O.M. nr. 5613\/25.10.2016 pentru nivelul pre\u0219colar, apoi prin O.M. nr. 4600\/17.08.2017 [&hellip;]<\/p>\n","protected":false},"author":2,"featured_media":0,"parent":0,"menu_order":0,"comment_status":"closed","ping_status":"closed","template":"","meta":{"inline_featured_image":false,"footnotes":""},"class_list":["post-998","page","type-page","status-publish","hentry"],"_links":{"self":[{"href":"https:\/\/scoala.upb.ro\/index.php?rest_route=\/wp\/v2\/pages\/998","targetHints":{"allow":["GET"]}}],"collection":[{"href":"https:\/\/scoala.upb.ro\/index.php?rest_route=\/wp\/v2\/pages"}],"about":[{"href":"https:\/\/scoala.upb.ro\/index.php?rest_route=\/wp\/v2\/types\/page"}],"author":[{"embeddable":true,"href":"https:\/\/scoala.upb.ro\/index.php?rest_route=\/wp\/v2\/users\/2"}],"replies":[{"embeddable":true,"href":"https:\/\/scoala.upb.ro\/index.php?rest_route=%2Fwp%2Fv2%2Fcomments&post=998"}],"version-history":[{"count":31,"href":"https:\/\/scoala.upb.ro\/index.php?rest_route=\/wp\/v2\/pages\/998\/revisions"}],"predecessor-version":[{"id":1331,"href":"https:\/\/scoala.upb.ro\/index.php?rest_route=\/wp\/v2\/pages\/998\/revisions\/1331"}],"wp:attachment":[{"href":"https:\/\/scoala.upb.ro\/index.php?rest_route=%2Fwp%2Fv2%2Fmedia&parent=998"}],"curies":[{"name":"wp","href":"https:\/\/api.w.org\/{rel}","templated":true}]}}